{"id":902,"date":"2021-10-22T08:45:07","date_gmt":"2021-10-22T08:45:07","guid":{"rendered":"http:\/\/lesinvoltes.fr\/?page_id=902"},"modified":"2025-12-11T00:32:00","modified_gmt":"2025-12-11T00:32:00","slug":"dans-les-temps-a-venir","status":"publish","type":"page","link":"http:\/\/lesinvoltes.fr\/?page_id=902","title":{"rendered":"Dans les temps \u00e0 venir &#8230;"},"content":{"rendered":"\n<p><\/p>\n\n\n\n<h2 class=\"wp-block-heading has-text-align-center\">Le PP Project<\/h2>\n\n\n\n<p><\/p>\n\n\n\n<p><\/p>\n\n\n\n<p><\/p>\n\n\n\n<p><\/p>\n\n\n\n<p><\/p>\n\n\n\n<p><\/p>\n\n\n\n<ul class=\"wp-block-list\">\n<li>14 d\u00e9cembre 2025,<strong> Romagnat<\/strong>, <strong>Salle Andr\u00e9 Raynoird <\/strong>(63)<\/li>\n\n\n\n<li>8 et 9 Janvier 2026, <strong>Riom<\/strong> (63), <strong>Salle Jean Dumoulin <\/strong>Scolaires et Tout Public.<\/li>\n\n\n\n<li>Des 4 au 11 F\u00e9vrier 2026,<strong> Festival Jeunes Pousses<\/strong>,<strong> en tourn\u00e9e Livradois-Forez Thiers<\/strong> (63)<\/li>\n\n\n\n<li>27 F\u00e9vrier 2026, <strong>La Canop\u00e9e<\/strong>, <strong>Ruffec <\/strong>(16)<\/li>\n\n\n\n<li>10 au 20 Mars 2026, <strong>Tourn\u00e9e Ligue de l&rsquo;Enseignement 66<\/strong>, <strong>Elne, Estavar sur Cerdagne, Toulouges, Al\u00e9nya <\/strong>(66).<\/li>\n\n\n\n<li>8 Avril 2026, <strong>ComCom Creuse Sud Ouest<\/strong>, Bourganeuf(23)<\/li>\n\n\n\n<li>12 Avril, <strong>Saturday Night Puppets<\/strong>, Bordeaux (33)<\/li>\n\n\n\n<li>19 Avril, programmation culturelle de <strong>Bellerive-sur-Allier<\/strong> (03)<\/li>\n\n\n\n<li>7 au 12 Mai 2026, <strong>Festival Titirimundi, S\u00e9govie<\/strong>, Espagne. (Option)<\/li>\n\n\n\n<li>15 et 16 Mai 2026, <strong>Topic, Tolosa,<\/strong> Espagne.<\/li>\n\n\n\n<li><em>et d&rsquo;autres dates \u00e0 venir&#8230;<\/em>.<br><\/li>\n<\/ul>\n\n\n\n<h2 class=\"wp-block-heading has-text-align-center\">Quand le cirque est venu<\/h2>\n\n\n\n<p><\/p>\n\n\n\n<p><\/p>\n\n\n\n<ul class=\"wp-block-list\">\n<li>12 d\u00e9cembre 2025, <strong>Pays de Nexon<\/strong>,<strong> Bussi\u00e8re Galant<\/strong> (87)<\/li>\n\n\n\n<li>19 et 20 Janvier 2026, <strong>Massiac<\/strong> et <strong>Neussargues<\/strong>, Cantal (15)<\/li>\n\n\n\n<li><em>et d&rsquo;autres dates \u00e0 venir&#8230;<\/em>.<\/li>\n<\/ul>\n\n\n\n<h2 class=\"wp-block-heading has-text-align-center\"> Chiffon (et ses moutons) <\/h2>\n\n\n\n<p><\/p>\n\n\n\n<p><\/p>\n\n\n\n<p><\/p>\n\n\n\n<ul class=\"wp-block-list\">\n<li>21 D\u00e9cembre 2025, <strong>Chirac-Bellevue<\/strong>, (19)<\/li>\n\n\n\n<li>12 et 13 Janvier 2026, <strong>Yzeur&rsquo;Espace<\/strong>,<strong> Yzeure <\/strong>(03, repr\u00e9sentations scolaires et Tout Public<\/li>\n\n\n\n<li>28 Mars, <strong>Mus\u00e9e Tomi Ungerer, Strasbourg<\/strong> (54) (Option)<\/li>\n\n\n\n<li>3 et 4 Avril 2026<strong>, La Licorne, Saint Germain Lembron<\/strong> (63)<\/li>\n\n\n\n<li>11 avril 2026, <strong>Saturday Night Puppets<\/strong>, Bordeaux (33)<\/li>\n\n\n\n<li>4 mai 2026l, Repr\u00e9sentation scolaire <strong>Saint-Priest-Taurion<\/strong> (87)<\/li>\n\n\n\n<li>5 mai 2026l, Repr\u00e9sentation scolaire <strong>Limoges<\/strong> (87)<\/li>\n\n\n\n<li><em>et d&rsquo;autres dates \u00e0 venir&#8230;.<\/em><\/li>\n<\/ul>\n\n\n\n<p><\/p>\n\n\n\n<p><\/p>\n\n\n\n<h1 class=\"wp-block-heading\"><strong>Quelques dates o\u00f9 nous avons eu le plaisir de jouer&#8230;<\/strong><\/h1>\n\n\n\n<p class=\"has-text-align-center\"><\/p>\n\n\n\n<h2 class=\"wp-block-heading has-text-align-center\">Le PP Project<\/h2>\n\n\n\n<h2 class=\"wp-block-heading has-text-align-center\">2025<\/h2>\n\n\n\n<ul class=\"wp-block-list\">\n<li>Le 16 janvier 2025, <strong>Spectacles en recommand\u00e9<\/strong>, Avignon (84)&nbsp;<\/li>\n\n\n\n<li>22 janvier 2025, Egletons (19)<\/li>\n\n\n\n<li>24 janvier 2025, Bort les Orgues (19)<\/li>\n\n\n\n<li>1er F\u00e9vrier 2025,<strong> saison culturelle Mond&rsquo;Arvernes<\/strong>, (63).<\/li>\n\n\n\n<li>4 et 5 F\u00e9vrier 2025,<strong> Salle de Volvic La Source<\/strong>, Volvic(63).<\/li>\n\n\n\n<li>13 et 14 F\u00e9vrier 2025, <strong>Espace J\u00e9liote<\/strong>, Oloron Sainte Marie (64).<\/li>\n\n\n\n<li>5 Mars 2025 <strong>Th\u00e9\u00e2tre Cornillon<\/strong>, Gerzat, (63).<\/li>\n\n\n\n<li>Du 19 au 22 mai 2025, Brenne Val de Creuse (36)<\/li>\n\n\n\n<li>le 24 mai 2025 \u00e0 <strong>Neuvic<\/strong> (19160) \u00e0 17h<\/li>\n\n\n\n<li>2 Juin 2025, <strong>Graines de Rue<\/strong>, Bessine-sur-Gartempe (87).<\/li>\n\n\n\n<li>7 juin 2025, <strong>Festival les Zarzel\u00e9s<\/strong> \u00e0 Montbazin (84) <em>20h30<\/em><\/li>\n\n\n\n<li>6 juillet 2025<strong>, Festival de la Voie Verte<\/strong> , <strong> For\u00eat de Reignac (16)<\/strong><\/li>\n\n\n\n<li>19 juillet 2025, <strong>Festival Vivacit\u00e9<\/strong>,<strong> La R\u00e9ole<\/strong> (33)<\/li>\n\n\n\n<li>25 juillet 2025,<strong> Compreignac<\/strong> (87)<\/li>\n\n\n\n<li>27 juillet 2025, <strong>Ch\u00e2telguyon<\/strong> (63)<\/li>\n\n\n\n<li>1er aout 2025, <strong>Festival Jours de Th\u00e9\u00e2tre<\/strong>,<strong> Estagel<\/strong> (66) 15h<\/li>\n\n\n\n<li>18 Septembre 2025, 20 ans du Battement d&rsquo;Ailes,<strong> Cornil <\/strong>(19). Repr\u00e9sentation Scolaire<\/li>\n\n\n\n<li>19 septembre 2025, Quo Fai Pas de Mau,<strong> Festival Birbizis,  Rilhac-Lastour <\/strong>(87)<\/li>\n\n\n\n<li>25 au 28 septembre 2025,<strong>Collectif Off TADAM<\/strong>,<strong>Festival Mondial de la Marionnette, <\/strong> Charleville-M\u00e9zi\u00e8res (08).<\/li>\n\n\n\n<li>5 octobre 2025<strong>, Festival Pitchouns<\/strong>, aux <strong>Ar\u00e8nes<\/strong> de <strong>Pontonx-sur-l&rsquo;Adour<\/strong> (40)<\/li>\n\n\n\n<li>9 octobre 2025,<strong> L&rsquo;Avant-Sc\u00e8ne<\/strong>,<strong> Argenton-sur-Creuse <\/strong>(36)<\/li>\n\n\n\n<li>17 et 18 octobre 2025, <strong>Centre de D\u00e9veloppement Culturel<\/strong>,&nbsp;<strong>St Martin de Crau<\/strong> (13)<\/li>\n\n\n\n<li>21 octobre 2025, <strong>Festival  Les petits g\u00e9ants, Pont de Claix<\/strong> (38)<\/li>\n\n\n\n<li>23 octobre 2025, <strong>Festival Juste pour deux mains, Le Cendre<\/strong> (63)<\/li>\n\n\n\n<li>30 octobre 2025,<strong> Puppet Fest, 50 ans du Th\u00e9\u00e2tre Michel B\u00e9l\u00e9zy, Angoul\u00eame <\/strong>(16)<\/li>\n\n\n\n<li>24 novembre 2025,<strong> Les Escales du R\u00e9seau 535<\/strong>,<strong> Hendaye <\/strong>(64). Repr\u00e9sentation r\u00e9serv\u00e9e aux professionnels.<\/li>\n\n\n\n<li>27 novembre<strong>, L&rsquo;atrium, Dax<\/strong> (40)<\/li>\n<\/ul>\n\n\n\n<h2 class=\"wp-block-heading has-text-align-center\">2024<\/h2>\n\n\n\n<ul class=\"wp-block-list\">\n<li>16, 17, 18 mai 2024, Festival Graines de rue, Bessines sur Gartempe (87)<\/li>\n\n\n\n<li>21 mai 2024, Th\u00e9\u00e2tre la Passerelle, Le Pont de Menat (63)<\/li>\n\n\n\n<li>27, 28, 30, 31 mai 2024, La Bascule, Saint Sauves d&rsquo;Auvergne (63)<\/li>\n\n\n\n<li>23 juin 2024, Les Granit\u00e9s, Saint Hilaire Luc (19)  <sup>option<\/sup><\/li>\n\n\n\n<li>9 juillet 2024, Les mardis d&rsquo;Uzerche, Uzerche (19)<\/li>\n\n\n\n<li>11 juillet 2024, Festival Popup, Cieux (87)<\/li>\n\n\n\n<li>25 juillet 2024, Festival Popup, Ch\u00e2teauneuf la For\u00eat (87)<\/li>\n\n\n\n<li>1, 2, 3, 4 ao\u00fbt 2024, Festival OFF de MimA, Mirepoix (09)<\/li>\n\n\n\n<li>7 ao\u00fbt 2024, Festival Pr\u00e9caire, Aubusson (23)<\/li>\n\n\n\n<li>8 ao\u00fbt 2024, Festival Pr\u00e9caire, Eymoutiers (87)<\/li>\n\n\n\n<li>9 ao\u00fbt 2024, Curzay sur Yonne (86)<\/li>\n\n\n\n<li>28 et 29 Septembre 2024,<strong> <\/strong>Festival du Trac, Sauxillanges (63)<\/li>\n\n\n\n<li>1er novembre 2024, <strong>Festival  de L&rsquo;escabeau<\/strong>, Briare (45)<\/li>\n\n\n\n<li>23 novembre 2024, <strong>Festival L&rsquo;air de Rien<\/strong>, St Germain Beaupr\u00e9 (23)<\/li>\n\n\n\n<li>30 novembre 2024, <strong>Lez&rsquo;arts et salamandre<\/strong>, Champagnac la Noaille (19)<\/li>\n\n\n\n<li>3 D\u00e9cembre 2024,<strong>  saison culturelle Yzeur&rsquo;Espace<\/strong>, Yzeure (03).<\/li>\n\n\n\n<li>20 D\u00e9cembre 2024, <strong>M\u00e9diath\u00e8que de Montbron<\/strong> (16)&nbsp;<\/li>\n<\/ul>\n\n\n\n<h2 class=\"wp-block-heading has-text-align-center\"> Quand le cirque est venu <\/h2>\n\n\n\n<h2 class=\"wp-block-heading\">2025<\/h2>\n\n\n\n<ul class=\"wp-block-list\">\n<li>13, 14 et 15 mars 2025,<strong> Th\u00e9\u00e2tre Les Carmes<\/strong>, La Rochefoucault<\/li>\n\n\n\n<li>13 Septembre 2025, <strong>Chaligny <\/strong>(54)<\/li>\n<\/ul>\n\n\n\n<h4 class=\"wp-block-heading has-text-align-center\">2024<\/h4>\n\n\n\n<ul class=\"wp-block-list\">\n<li>Le 27 f\u00e9vrier 2024, 15h Auditorium Sophie Dessus, Uzerche (19)<\/li>\n\n\n\n<li>Les 26 et 28 mars 2024 \u00e0 Chamali\u00e8res (63)<\/li>\n\n\n\n<li>31 octobre&nbsp;2024 \u00e0 14h au <strong>festival \u00ab&nbsp;La&nbsp;Quinzaine&nbsp;d&rsquo;animation&nbsp;\u00bb<\/strong> Magnac-Laval 87190.<\/li>\n\n\n\n<li>13 novembre 2024 \u00e0 14h30 au<strong> CSC le BOAT<\/strong> 67 rue de Sausheim 68100 Mulhouse<\/li>\n\n\n\n<li>14 novembre 2024 17h30 \u00e0 l&rsquo;<strong>espace Matisse de L&rsquo;AFSCO<\/strong> \u00e0 Mulhouse<\/li>\n<\/ul>\n\n\n\n<h4 class=\"wp-block-heading has-text-align-center\"> 2023 <\/h4>\n\n\n\n<ul class=\"wp-block-list\">\n<li>Le 19 janvier \u00e0 Yzeure : repr\u00e9sentations scolaires \u00e0 9h15 et 14h15<\/li>\n\n\n\n<li>Le 20 janvier \u00e0 Yzeure : 14h15 scolaire et 19h repr\u00e9sentation publique<\/li>\n\n\n\n<li>Le 3 f\u00e9vrier \u00e0 Marchal (15) \u00e0 20h30<\/li>\n\n\n\n<li>Le 5 f\u00e9vrier au Monteil (15) \u00e0 16h<\/li>\n\n\n\n<li>le 21 f\u00e9vrier \u00e0 Feytiat (87) \u00e0 9h30 et \u00e0 14h15<\/li>\n\n\n\n<li>Le 22 f\u00e9vrier \u00e0 Feytiat (87) \u00e0 9h30<\/li>\n\n\n\n<li>Le 23 f\u00e9vrier \u00e0 la SMAC de Tulle (19)<\/li>\n\n\n\n<li>Le 4 avril 2023 \u00e0 La source, Volvic \u00e0 14h30<\/li>\n\n\n\n<li>Le 5 avril 2023 \u00e0 La source, Volvic \u00e0 17h30<\/li>\n\n\n\n<li>Le 23 avril 2023 \u00e0 Gentioux, 15h30<\/li>\n\n\n\n<li>Le 9 mai 2023, SMAC des Lendemains qui chantent, Tulle \u00e0 19h<\/li>\n\n\n\n<li>Le 28 juillet 2023, Festival Popup, Saint Victurnien \u00e0 18h<\/li>\n\n\n\n<li>Le 16 septembre 2023, collectif TADAM, Festival Mondial de la Marionnette, Charleville-M\u00e9zi\u00e8res \u00e0 16h et \u00e0 17h30<\/li>\n\n\n\n<li>Les 16 et 17 septembre 2023, collectif TADAM, Festival Mondial de la Marionnette, Charleville-M\u00e9zi\u00e8res <\/li>\n\n\n\n<li>Les 11 et 12 novembre 2023 au salon du livre de Brive la Gaillarde<\/li>\n<\/ul>\n\n\n\n<h4 class=\"wp-block-heading has-text-align-center\">2022<\/h4>\n\n\n\n<ul class=\"wp-block-list\">\n<li>Mercredi 12 janvier \u00e0 17h00 Brassac les Mines (63), La Lampisterie<\/li>\n\n\n\n<li>Jeudi 13 janvier \u00e0 10h00 et 14h00 Brassac les Mines (63), La Lampisterie REPORT EN MARS<\/li>\n\n\n\n<li>Vendredi 14 janvier \u00e0 10h30 et 14h Le Pont de Menat (63), La Passerelle REPORT EN MAI<\/li>\n\n\n\n<li>Samedi 15 janvier \u00e0 15h00 Le Pont de Menat (63), La Passerelle REPORT EN MAI<\/li>\n\n\n\n<li>Mardi 18 janvier \u00e0 17h00 Metz (57), L&rsquo;Agora dans le cadre des \u00a0\u00bbSpectacles en Recommand\u00e9\u00a0\u00bb de La Ligue de l&rsquo;enseignement.<\/li>\n\n\n\n<li>Vendredi 21 janvier \u00e0 14h30 La Roche Blanche (63), Salle L\u00e9o Lagrange<\/li>\n\n\n\n<li>Samedi 22 janvier \u00e0 17h00 La Roche Blanche (63), Salle L\u00e9o Lagrange<\/li>\n\n\n\n<li>Jeudi 3 mars \u00e0 10h00 et 14h00 Brassac les Mines (63), La Lampisterie <\/li>\n\n\n\n<li>Samedi 5 mars \u00e0 18h30, OTP de Lapleau, Lez&rsquo;arts et Salamandre (19)<\/li>\n\n\n\n<li>Mercredi 23 mars \u00e0 15h LIMOGES Th\u00e9\u00e2tre Expression 7 (87)<\/li>\n\n\n\n<li>Jeudi 24 mars \u00e0 14h et 19h LIMOGES Th\u00e9\u00e2tre Expression 7 (87)<\/li>\n\n\n\n<li>Vendredi 25 mars \u00e0 10h et 14h LIMOGES Th\u00e9\u00e2tre Expression 7 (87)<\/li>\n\n\n\n<li>Mardi 29 mars \u00e0 10h et 14h30 LAQUEUILLE (63)<\/li>\n\n\n\n<li>Mercredi 30 mars \u00e0 10h LAQUEUILLE (63)<\/li>\n\n\n\n<li>Jeudi 31 mars \u00e0 10h et 14h30 LAQUEUILLE (63)<\/li>\n<\/ul>\n\n\n\n<h4 class=\"wp-block-heading has-text-align-center\">2021<\/h4>\n\n\n\n<ul class=\"wp-block-list\">\n<li>18 novembre 2021 NEUVIC (s\u00e9ances scolaires \u00e0 13h30 et 19h30)<\/li>\n\n\n\n<li>19 novembre 2021 NEUVIC (s\u00e9ance scolaire \u00e0 14h30 et repr\u00e9sentation publique \u00e0 20h30)<\/li>\n\n\n\n<li>Lundi 29 novembre Laqueuille (63), Salle des f\u00eates 10h00 et 14h30 (scolaires)<\/li>\n\n\n\n<li>Mardi 30 novembre Laqueuille (63), Salle des f\u00eates 10h00 et 14h30 (scolaires) REPORT EN MARS<\/li>\n\n\n\n<li><\/li>\n\n\n\n<li>Mercredi 1er d\u00e9cembre Laqueuille (63), Salle des f\u00eates \u00e0 10h00 (scolaires) REPORT EN MARS<\/li>\n\n\n\n<li>Jeudi 2 d\u00e9cembre Laqueuille (63), Salle des f\u00eates \u00e0 10h00 et 14h30 (scolaires) REPORT EN MARS<\/li>\n<\/ul>\n\n\n\n<ul id=\"block-b1db8249-540f-4f02-97a4-0d3f2bbfd7d8\" class=\"wp-block-list\">\n<li>Vendredi 13 mai \u00e0 10h30 et 14h Le Pont de Menat (63), La Passerelle <\/li>\n\n\n\n<li>Samedi 14 mai \u00e0 15h00 Le Pont de Menat (63), La Passerelle <\/li>\n\n\n\n<li>Samedi 28 mai, Festival L&rsquo;air de rien, St Germain Beaupr\u00e9 (23)<\/li>\n\n\n\n<li>Vendredi 3 juin \u00e0 10h et 14h au Festival Graines de rue, Bessines sur Gartempe (87)<\/li>\n\n\n\n<li>Samedi 4 juin \u00e0 16h au Festival Graines de rue, Bessines sur Gartempe (87)<\/li>\n\n\n\n<li>Vendredi 24 juin 10h30 et 20h au FIEP \u00e0 Neuvic(19)<\/li>\n<\/ul>\n\n\n\n<ul class=\"wp-block-list\">\n<li>Le 19 octobre aux <strong>Rendez-Vous du Cam\u00e9l\u00e9on<\/strong>  \u00e0 Pont Du Ch\u00e2teau (63) : atelier initiation \u00e0 la manipulation de marionnettes \u00e0 14h30 et initiation au beatbox \u00e0 17h avec l&rsquo;\u00e9quipe du spectacle.<\/li>\n\n\n\n<li>Le 20 octobre  aux<strong> Rendez-Vous du Cam\u00e9l\u00e9on<\/strong>  \u00e0 Pont Du Ch\u00e2teau (63) :  14h30 s\u00e9ance scolaire.<\/li>\n\n\n\n<li>Le 21 octobre  aux <strong>Rendez-Vous du Cam\u00e9l\u00e9on <\/strong> \u00e0 Pont Du Ch\u00e2teau (63) :   10h30 s\u00e9ance scolaire puis une repr\u00e9sentation publique \u00e0 20h.<\/li>\n\n\n\n<li>Le 26 octobre \u00e0 l&rsquo;amphi du Pont de Claix (38) pour le <strong>Festival Les P&rsquo;tits G\u00e9ants <\/strong>: 10h30 et 14h30.<\/li>\n\n\n\n<li> Le 28 octobre \u00e0 Le Cendre (63)  pour le festival&nbsp;<strong>\u00ab\u00a0Juste Pour Deux Mains\u00a0\u00bb<\/strong>&nbsp;: 11h et 14h30.<\/li>\n\n\n\n<li>Le 31 octobre \u00e0 Briare (45) au <strong>15e FESTIVAL DE L&rsquo;ESCABEAU<\/strong> \u00e0 18h.<\/li>\n\n\n\n<li>Le 16 d\u00e9cembre \u00e0 Barbezieux (16): 15h30<\/li>\n\n\n\n<li>Le 18 d\u00e9cembre \u00e0 Barbezieux (16) : 15h30<\/li>\n<\/ul>\n\n\n\n<p><\/p>\n\n\n\n<h2 class=\"wp-block-heading has-text-align-center\">Chiffon (et ses moutons)<\/h2>\n\n\n\n<ul class=\"wp-block-list\">\n<li>Dimanche 30 janvier 2022 \u00e0 15h, La maison sur la place, Ambrugeat (19)<\/li>\n\n\n\n<li>Samedi 30 avril 17h La Chaux-de-Fonds (Suisse)<\/li>\n\n\n\n<li>Dimanche 1er mai 11h15 et 15h, La Chaux-de-Fonds (Suisse)<\/li>\n\n\n\n<li>Jeudi 12 mai \u00e0 9h et 10h15, Ecole Montjovis, Limoges<\/li>\n\n\n\n<li>Samedi 23 juillet \u00e0 17h \u00e0 la \u00ab\u00a0Faites des bergers\u00a0\u00bb, Plage de Broussas (23)<\/li>\n\n\n\n<li>Le 7 d\u00e9cembre \u00e0 Ambazac (87)<\/li>\n\n\n\n<li>Le 8 d\u00e9cembre \u00e0 Ladignac le long (87)<\/li>\n\n\n\n<li>Le 9 d\u00e9cembre \u00e0 St Martin la M\u00e9anne (19)<\/li>\n\n\n\n<li>Le 12 d\u00e9cembre \u00e0 Palisse (19)<\/li>\n\n\n\n<li>Le 17 d\u00e9cembre \u00e0 Barbezieux (16) <\/li>\n\n\n\n<li>Le 8 f\u00e9vrier, M\u00e9diath\u00e8que, Ussel <\/li>\n\n\n\n<li>Le 11 mai 2023 \u00e0 Liginiac, M\u00e9diath\u00e8que<\/li>\n\n\n\n<li>Le 13 mai 2023 \u00e0 Condat sur Vienne, M\u00e9diath\u00e8que <\/li>\n\n\n\n<li>Le 19 aout 2023, festival de Bonnes \u00e0 17h30<\/li>\n\n\n\n<li>Le 20 aout 2023, festival de Bonnes \u00e0 15h45<\/li>\n\n\n\n<li>Le 22 octobre 2023 au Centre National du Costume de Sc\u00e8ne, Moulins, \u00e0 11h<\/li>\n\n\n\n<li>Le 9 d\u00e9cembre 2023, Sainte Anne Saint Priest<\/li>\n\n\n\n<li>Le 22 f\u00e9vrier 2024, 18h, Ch\u00e2teauneuf sur Charente (16)<\/li>\n\n\n\n<li>Les 14 et 16 mars 2024 \u00e0 Uzerche (19)<\/li>\n\n\n\n<li>Le 27 juillet 2024, F\u00eate des bergers, Vassivi\u00e8re (23)<\/li>\n\n\n\n<li>5 d\u00e9cembre 2024 Ecole Lucie Aubrac, Brive La Gaillarde (19)<\/li>\n\n\n\n<li>9 d\u00e9cembre 2024 Brive La Gaillarde (19) <em>option \u00e0 confirmer<\/em><\/li>\n\n\n\n<li>15 d\u00e9cembre 2024  <strong>New Danse Studio<\/strong> . Brive La Gaillarde (19)<\/li>\n\n\n\n<li>16  d\u00e9cembre 2024 Ussac (19)<\/li>\n\n\n\n<li>17 ou 19 d\u00e9cembre 2024 Brive La Gaillarde (19)<\/li>\n\n\n\n<li>29 mars 2025, Librairie Bonny and read, Argentat (19)<\/li>\n\n\n\n<li>17 mai 2025, <strong>Liginiac<\/strong> (19)<\/li>\n\n\n\n<li>17 juin 2025, <strong>Centre Social d&rsquo;Arpajon <\/strong>(15)<\/li>\n\n\n\n<li>31 Octobre 2025, <strong>50 ans du Th\u00e9\u00e2tre Michel Belezy, Angoul\u00eame <\/strong>(16) -en m\u00e9diath\u00e8ques.<\/li>\n\n\n\n<li>4 D\u00e9cembre 2025, repr\u00e9sentations scolaires, \u00e9cole maternelle <strong>Objat,<\/strong> (19)<\/li>\n<\/ul>\n\n\n\n<p><\/p>\n","protected":false},"excerpt":{"rendered":"<p>Le PP Project Quand le cirque est venu Chiffon (et ses moutons) Quelques dates o\u00f9 nous avons eu le plaisir de jouer&#8230; Le PP Project 2025 2024 Quand le cirque est venu 2025 2024 2023 2022 2021 Chiffon (et ses moutons)<\/p>\n","protected":false},"author":1,"featured_media":0,"parent":0,"menu_order":0,"comment_status":"closed","ping_status":"closed","template":"","meta":{"jetpack_post_was_ever_published":false,"footnotes":""},"class_list":["post-902","page","type-page","status-publish","hentry"],"jetpack_sharing_enabled":true,"jetpack_shortlink":"https:\/\/wp.me\/P60pRf-ey","_links":{"self":[{"href":"http:\/\/lesinvoltes.fr\/index.php?rest_route=\/wp\/v2\/pages\/902","targetHints":{"allow":["GET"]}}],"collection":[{"href":"http:\/\/lesinvoltes.fr\/index.php?rest_route=\/wp\/v2\/pages"}],"about":[{"href":"http:\/\/lesinvoltes.fr\/index.php?rest_route=\/wp\/v2\/types\/page"}],"author":[{"embeddable":true,"href":"http:\/\/lesinvoltes.fr\/index.php?rest_route=\/wp\/v2\/users\/1"}],"replies":[{"embeddable":true,"href":"http:\/\/lesinvoltes.fr\/index.php?rest_route=%2Fwp%2Fv2%2Fcomments&post=902"}],"version-history":[{"count":52,"href":"http:\/\/lesinvoltes.fr\/index.php?rest_route=\/wp\/v2\/pages\/902\/revisions"}],"predecessor-version":[{"id":1269,"href":"http:\/\/lesinvoltes.fr\/index.php?rest_route=\/wp\/v2\/pages\/902\/revisions\/1269"}],"wp:attachment":[{"href":"http:\/\/lesinvoltes.fr\/index.php?rest_route=%2Fwp%2Fv2%2Fmedia&parent=902"}],"curies":[{"name":"wp","href":"https:\/\/api.w.org\/{rel}","templated":true}]}}